{"id":3633,"date":"2023-02-06T11:33:52","date_gmt":"2023-02-06T11:33:52","guid":{"rendered":"https:\/\/www.norprint.es\/politica-de-privacidad\/"},"modified":"2023-02-06T11:33:52","modified_gmt":"2023-02-06T11:33:52","slug":"politica-de-privacidad","status":"publish","type":"page","link":"https:\/\/www.norprint.es\/ca\/politica-de-privacidad\/","title":{"rendered":"Pol\u00edtica de privacidad"},"content":{"rendered":"\t\t<div data-elementor-type=\"wp-page\" data-elementor-id=\"3633\" class=\"elementor elementor-3633 elementor-1545\">\n\t\t\t\t\t\t\t\t\t<section class=\"elementor-section elementor-top-section elementor-element elementor-element-88a6fa3 elementor-section-boxed elementor-section-height-default elementor-section-height-default\" data-id=\"88a6fa3\" data-element_type=\"section\" data-settings=\"{&quot;background_background&quot;:&quot;classic&quot;}\">\n\t\t\t\t\t\t<div class=\"elementor-container elementor-column-gap-default\">\n\t\t\t\t\t<div class=\"elementor-column elementor-col-100 elementor-top-column elementor-element elementor-element-d1fbd03\" data-id=\"d1fbd03\" data-element_type=\"column\">\n\t\t\t<div class=\"elementor-widget-wrap elementor-element-populated\">\n\t\t\t\t\t\t\t\t\t<\/div>\n\t\t<\/div>\n\t\t\t\t\t\t\t<\/div>\n\t\t<\/section>\n\t\t\t\t<section class=\"elementor-section elementor-top-section elementor-element elementor-element-f82fc46 elementor-section-boxed elementor-section-height-default elementor-section-height-default\" data-id=\"f82fc46\" data-element_type=\"section\" data-settings=\"{&quot;background_background&quot;:&quot;classic&quot;}\">\n\t\t\t\t\t\t<div class=\"elementor-container elementor-column-gap-default\">\n\t\t\t\t\t<div class=\"elementor-column elementor-col-100 elementor-top-column elementor-element elementor-element-e742742\" data-id=\"e742742\" data-element_type=\"column\">\n\t\t\t<div class=\"elementor-widget-wrap elementor-element-populated\">\n\t\t\t\t\t\t\t\t<div class=\"elementor-element elementor-element-be81867 elementor-widget elementor-widget-text-editor\" data-id=\"be81867\" data-element_type=\"widget\" data-widget_type=\"text-editor.default\">\n\t\t\t\t<div class=\"elementor-widget-container\">\n\t\t\t<style>\/*! elementor - v3.13.1 - 09-05-2023 *\/\n.elementor-widget-text-editor.elementor-drop-cap-view-stacked .elementor-drop-cap{background-color:#69727d;color:#fff}.elementor-widget-text-editor.elementor-drop-cap-view-framed .elementor-drop-cap{color:#69727d;border:3px solid;background-color:transparent}.elementor-widget-text-editor:not(.elementor-drop-cap-view-default) .elementor-drop-cap{margin-top:8px}.elementor-widget-text-editor:not(.elementor-drop-cap-view-default) .elementor-drop-cap-letter{width:1em;height:1em}.elementor-widget-text-editor .elementor-drop-cap{float:left;text-align:center;line-height:1;font-size:50px}.elementor-widget-text-editor .elementor-drop-cap-letter{display:inline-block}<\/style>\t\t\t\t<table border=\"1px\"><tbody><tr><th>RESPONSABLE:<\/th><td>NORPRINT S.L. \u2013 CIF B61285367<\/td><\/tr><tr><th>CONTACTO:<\/th><td>C\/ Muntaner, 279 Entres\u00f2l 3a \u2013 BARCELONA (Barcelona) nforcada@norprint.es \u2013 Tel. 932 402 102 \u2013 http:\/\/www.norprint.es\/<\/td><\/tr><tr><th>FINALIDADES:<\/th><td><strong>RECEPCI\u00d3N DE CURR\u00cdCULUMS:\u00a0<\/strong>Selecci\u00f3n de personal<br \/><strong>ENV\u00cdO DE CORREO COMERCIAL:\u00a0<\/strong>Env\u00edo de comunicaciones comerciales<br \/><strong>FACTURACI\u00d3N A CLIENTES:\u00a0<\/strong>Gesti\u00f3n de clientes\/proveedores, contable, fiscal y administrativa<\/td><\/tr><tr><th>LEGITIMACI\u00d3N:<\/th><td><strong>RECEPCI\u00d3N DE CURR\u00cdCULUMS:\u00a0<\/strong>Consentimiento expl\u00edcito del interesado<br \/><strong>ENV\u00cdO DE CORREO COMERCIAL:\u00a0<\/strong>Consentimiento expl\u00edcito del interesado<br \/><strong>FACTURACI\u00d3N A CLIENTES:\u00a0<\/strong>Existencia de una relaci\u00f3n contractual con el interesado mediante contrato o precontrato ; Inter\u00e9s leg\u00edtimo del Responsable del Tratamiento o de terceros<\/td><\/tr><tr><th>CONSERVACI\u00d3N:<\/th><td><strong>RECEPCI\u00d3N DE CURR\u00cdCULUMS:\u00a0<\/strong>Mientras no se solicite su supresi\u00f3n por el interesado<br \/><strong>ENV\u00cdO DE CORREO COMERCIAL:\u00a0<\/strong>Mientras no se solicite su supresi\u00f3n por el interesado<br \/><strong>FACTURACI\u00d3N A CLIENTES:\u00a0<\/strong>Mientras se mantenga la relaci\u00f3n mercantil<\/td><\/tr><tr><th>DESTINATARIOS:<\/th><td>No cedemos sus datos a terceros<\/td><\/tr><tr><th>TRANSFERENCIAS INTERNACIONALES:<\/th><td>No realizamos transferencias internacionales de sus datos<\/td><\/tr><tr><th>PROCEDENCIA:<\/th><td><dl><dt><strong>RECEPCI\u00d3N DE CURR\u00cdCULUMS:<\/strong><\/dt><\/dl><dl><dd><ul><li><strong>POTENCIALES TRABAJADORES:<\/strong>El propio interesado o su representante legal<\/li><\/ul><\/dd><\/dl><dl><dt><strong>ENVI\u00d3 DE CORREO COMERCIAL:<\/strong><\/dt><\/dl><dl><dd><ul><li><strong>CLIENTES:\u00a0<\/strong>El propio interesado o su representante legal<\/li><li><strong>POTENCIALES CLIENTES:\u00a0<\/strong>El propio interesado o su representante legal<\/li><\/ul><\/dd><\/dl><dl><dt><strong>FACTURACI\u00d3N A CLIENTES:<\/strong><\/dt><\/dl><dl><dd><ul><li><strong>CLIENTES:<\/strong>El propio interesado o su representante legal<\/li><\/ul><\/dd><\/dl><\/td><\/tr><tr><th>DERECHOS:<\/th><td>Usted tiene derecho acceder a sus datos, rectificarlos, suprimirlos, limitar u oponerse a su tratamiento, a su portabilidad, a retirar su consentimiento y a presentar reclamaciones ante la Autoridad de Control (Agencia Espa\u00f1ola de Protecci\u00f3n de Datos). M\u00e1s informaci\u00f3n en nuestra \u201cPol\u00edtica de Privacidad y Protecci\u00f3n de Datos\u201d.<\/td><\/tr><\/tbody><\/table><h3>\u00a0<\/h3><h3>DETALLES DE NUESTRA POL\u00cdTICA DE PRIVACIDAD<\/h3><h4>1.- INFORMACI\u00d3N GENERAL<\/h4><p>La presente \u201cPol\u00edtica de Privacidad y Protecci\u00f3n de Datos\u201d tiene como finalidad dar a conocer las condiciones que rigen la recogida y tratamiento de sus datos personales por parte de nuestra entidad o grupo corporativo para velar por los derechos fundamentales, su honor y libertades, todo ello en cumplimiento de las normativas vigentes que regulan la Protecci\u00f3n de Datos personales seg\u00fan la Uni\u00f3n Europea y el Estado Miembro espa\u00f1ol. [En conformidad con dichas normativas, necesitamos disponer de su autorizaci\u00f3n y consentimiento para la recogida y el tratamiento de sus datos personales, por lo que a continuaci\u00f3n, le indicamos todos los detalles de su inter\u00e9s respecto a c\u00f3mo realizamos estos procesos, con qu\u00e9 finalidades, qu\u00e9 otras entidades podr\u00edan tener acceso a sus datos y cu\u00e1les son sus derechos]. Por todo lo expuesto, una vez revisada y le\u00edda nuestra Pol\u00edtica de Protecci\u00f3n de Datos, es imprescindible que la acepte en prueba de su conformidad y consentimiento.<\/p><p>\u00a0<\/p><h4>2. RESPONSABLE DEL TRATAMIENTO<\/h4><p><strong>\u00bfQui\u00e9n recaba y trata sus datos?<\/strong><\/p><p>El Responsable del Tratamiento de Datos es aquella persona f\u00edsica o jur\u00eddica, de naturaleza p\u00fablica o privada, u \u00f3rgano administrativo, que solo o conjuntamente con otros determine los fines y medios del tratamiento de datos personales; en caso de que los fines y medios del tratamiento est\u00e9n determinados por el Derecho de la Uni\u00f3n Europea o del Estado Miembro espa\u00f1ol.<\/p><p>En este caso, nuestros datos identificativos como Responsable del Tratamiento son los siguientes:<br \/><strong>NORPRINT S.L. \u2013 CIF B61285367<\/strong><\/p><p><strong>\u00bfC\u00f3mo puede contactar con nosotros?<\/strong><\/p><ul><li><strong>Domicilio de nuestras oficinas:<\/strong><br \/>C\/ Muntaner, 279 Entres\u00f2l 3a. 08201, BARCELONA (Barcelona), Espa\u00f1a<br \/>Email: nforcada@norprint.es \u2013 Tel\u00e9fono: 932 402 102<\/li><li><strong>Domicilio postal:<\/strong><br \/>C\/ Muntaner, 279 Entres\u00f2l 3a. 08201, BARCELONA (Barcelona), Espa\u00f1a<\/li><\/ul><h4>\u00a0<\/h4><h4>3. MEDIDAS DE SEGURIDAD<\/h4><p><strong>\u00bfQu\u00e9 hacemos para garantizar la privacidad de sus datos?<\/strong><\/p><p>Nuestra entidad o grupo corporativo adopta las medidas organizativas y t\u00e9cnicas necesarias para garantizar la seguridad y la privacidad de sus datos, evitar su alteraci\u00f3n, p\u00e9rdida, tratamiento o acceso no autorizado, dependiendo del estado de la tecnolog\u00eda, la naturaleza de los datos almacenado y los riesgos a que est\u00e1n expuestos.<\/p><p>Entre otras, destacan las siguientes medidas:<\/p><ul><li>Garantizar la confidencialidad, integridad, disponibilidad y resiliencia permanentes de los sistemas y servicios de tratamiento.<\/li><li>Restaurar la disponibilidad y el acceso a los datos personales de forma r\u00e1pida, en caso de incidente f\u00edsico o t\u00e9cnico.<\/li><li>Verificar, evaluar y valorar, de forma regular, la eficacia de las medidas t\u00e9cnicas y organizativas implementadas para garantizar la seguridad del tratamiento.<\/li><li>Seudonimizar y cifrar los datos personales, en caso de que se trate de datos sensibles.<\/li><\/ul><h4>\u00a0<\/h4><h4>4. FINALIDAD DEL TRATAMIENTO<\/h4><p>\u00bfPara qu\u00e9 queremos tratar sus datos?<\/p><p>Necesitamos su autorizaci\u00f3n y consentimiento para recabar y tratar sus datos personales, por lo que a continuaci\u00f3n le detallamos los usos y finalidades previstas.<\/p><ul><li><strong>RECEPCI\u00d3N DE CURRICULUMS:<\/strong>\u00a0Selecci\u00f3n de personal<\/li><li><strong>ENVI\u00d3 DE CORREO COMERCIAL:<\/strong>\u00a0Env\u00edo de comunicaciones comerciales<\/li><li><strong>FACTURACI\u00d3N A CLIENTES:<\/strong>\u00a0Gesti\u00f3n de clientes\/proveedores, contable, fiscal y administrativa<\/li><\/ul><p>\u00a0<\/p><p><strong>\u00bfDurante cu\u00e1nto tiempo conservamos sus datos?<\/strong><\/p><p>Utilizamos sus datos durante el tiempo estrictamente necesario para cumplir las finalidades indicadas anteriormente. Salvo que exista una obligaci\u00f3n o requerimiento legal, los plazos de conservaci\u00f3n previstos son:<\/p><ul><li><strong>RECEPCI\u00d3N DE CURRICULUMS:<\/strong>\u00a0Mientras no se solicite su supresi\u00f3n por el interesado<\/li><li><strong>ENVI\u00d3 DE CORREO COMERCIAL:<\/strong>\u00a0Mientras no se solicite su supresi\u00f3n por el interesado<\/li><li><strong>FACTURACI\u00d3N A CLIENTES:<\/strong>\u00a0Mientras se mantenga la relaci\u00f3n mercantil<\/li><\/ul><h4>\u00a0<\/h4><h4>5. LEGITIMACI\u00d3N DEL TRATAMIENTO<\/h4><p><strong>\u00bfPor qu\u00e9 tratamos sus datos?<\/strong><\/p><p>La recogida y el tratamiento de sus datos est\u00e1 legitimado siempre por una o varias bases jur\u00eddicas, las cuales detallamos a continuaci\u00f3n:<\/p><ul><li><strong>RECEPCI\u00d3N DE CURRICULUMS:<\/strong>\u00a0Consentimiento expl\u00edcito del interesado<\/li><li><strong>ENVI\u00d3 DE CORREO COMERCIAL:<\/strong>\u00a0Consentimiento expl\u00edcito del interesado<\/li><li><strong>FACTURACI\u00d3N A CLIENTES:<\/strong>\u00a0Existencia de una relaci\u00f3n contractual con el interesado mediante contrato o precontrato ; Inter\u00e9s leg\u00edtimo del Responsable del Tratamiento o de terceros<\/li><\/ul><h4>\u00a0<\/h4><h4>6. DESTINATARIOS DE SUS DATOS<\/h4><p><strong>\u00bfA qui\u00e9nes cedemos sus datos dentro de la Uni\u00f3n Europea?<\/strong><br \/>No realizamos cesiones de sus datos a terceras personas ni entidades, salvo obligaci\u00f3n legal.<\/p><p><strong>\u00bfRealizamos Transferencias Internacionales de sus datos fuera de la Uni\u00f3n Europea?<\/strong><br \/>No realizamos transferencias internacionales de sus datos<\/p><p>\u00a0<\/p><h4>7. PROCEDENCIA Y TIPOS DE DATOS TRATADOS<\/h4><p><strong>\u00bfDe d\u00f3nde hemos obtenido sus datos?<\/strong><\/p><p><strong>RECEPCI\u00d3N DE CURRICULUMS<\/strong><\/p><ul><li><strong>POTENCIALES TRABAJADORES:<\/strong>\u00a0El propio interesado o su representante legal<\/li><\/ul><p>\u00a0<\/p><p><strong>ENVI\u00d3 DE CORREO COMERCIAL<\/strong><\/p><ul><li><strong>CLIENTES:<\/strong>\u00a0El propio interesado o su representante legal<\/li><li><strong>POTENCIALES CLIENTES:<\/strong>\u00a0El propio interesado o su representante legal<\/li><\/ul><p>\u00a0<\/p><p><strong>FACTURACI\u00d3N A CLIENTES<\/strong><\/p><ul><li><strong>CLIENTES:<\/strong>\u00a0El propio interesado o su representante legal<\/li><\/ul><p>\u00a0<\/p><p><strong>\u00bfQu\u00e9 tipos de datos suyos hemos recabado y tratamos?<\/strong><\/p><p><strong>RECEPCI\u00d3N DE CURRICULUMS<\/strong><\/p><ul><li><strong>FINALIDADES:<\/strong><ul><li>Selecci\u00f3n de personal<\/li><\/ul><\/li><\/ul><ul><li><strong>POTENCIALES TRABAJADORES<\/strong><ul><li>Datos identificativos<ul><li>Direcci\u00f3n electr\u00f3nica<\/li><li>Tel\u00e9fono<\/li><li>Direcci\u00f3n postal<\/li><li>Firma manuscrita<\/li><li>Imagen<\/li><li>NIF \/ NIE \/ Pasaporte<\/li><li>Nombre y Apellidos<\/li><\/ul><\/li><li>Acad\u00e9mico y profesionales<ul><li>Titulaciones<\/li><li>Experiencia profesional<\/li><li>Curr\u00edculum Vitae<\/li><\/ul><\/li><li>Caracter\u00edsticas personales<ul><li>Fecha de nacimiento<\/li><\/ul><\/li><li>Detalles de empleo<ul><li>Puestos de trabajo<\/li><li>Historial del trabajador<\/li><li>Profesi\u00f3n<\/li><\/ul><\/li><\/ul><\/li><\/ul><p>\u00a0<\/p><p><strong>ENVI\u00d3 DE CORREO COMERCIAL<\/strong><\/p><ul><li><strong>Finalidades:<\/strong><ul><li>Env\u00edo de comunicaciones comerciales<\/li><\/ul><\/li><li><strong>CLIENTES<\/strong><ul><li>Datos identificativos<ul><li>Direcci\u00f3n electr\u00f3nica<\/li><li>Nombre y Apellidos<\/li><\/ul><\/li><\/ul><\/li><li><strong>POTENCIALES CLIENTES<\/strong><ul><li>Datos identificativos<ul><li>Direcci\u00f3n electr\u00f3nica<\/li><li>Nombre y Apellidos<\/li><\/ul><\/li><\/ul><\/li><\/ul><p><strong>FACTURACI\u00d3N A CLIENTES<\/strong><\/p><ul><li><strong>FINALIDADES:<\/strong><ul><li>Gesti\u00f3n de clientes\/proveedores, contable, fiscal y administrativa<\/li><\/ul><\/li><li><strong>CLIENTES<\/strong><ul><li>Datos identificativos<ul><li>Direcci\u00f3n postal<\/li><li>NIF \/ NIE \/ Pasaporte<\/li><li>Nombre y Apellidos<\/li><\/ul><\/li><li>Econ\u00f3micos, financieros y de seguros<ul><li>Datos Bancarios<\/li><\/ul><\/li><\/ul><\/li><\/ul><h4>\u00a0<\/h4><h4>8. DERECHOS DE LOS INTERESADOS<\/h4><p><strong>\u00bfCu\u00e1les son los derechos que le amparan?<\/strong><\/p><p>La normativa vigente de protecci\u00f3n de datos le ampara en una serie de derechos en relaci\u00f3n al uso que le damos a sus datos. Todos y cada uno de sus derechos son unipersonales e intransferibles, es decir, que \u00fanicamente pueden ser realizados por el titular de los datos, previa comprobaci\u00f3n de su identidad.<\/p><p>A continuaci\u00f3n le indicamos cuales son los derechos que le asisten:<\/p><ul><li>Solicitar el ACCESO a sus datos personales<\/li><li>Solicitar la RECTIFICACI\u00d3N de sus datos<\/li><li>Solicitar la SUPRESI\u00d3N o eliminaci\u00f3n de sus datos (derecho al \u201colvido\u201d)<\/li><li>LIMITAR u OPONERSE al uso que le damos a sus datos<\/li><li>Derecho a la PORTABILIDAD de sus datos para casos de servicios de telecomunicaciones o internet.<\/li><li>Derecho a RETIRAR su consentimiento en cualquier momento<\/li><li>Derecho a presentar una RECLAMACI\u00d3N en materia de protecci\u00f3n de datos ante la Autoridad de Control: Agencia Espa\u00f1ola de Protecci\u00f3n de Datos<\/li><\/ul><p>\u00a0<\/p><p><strong>\u00bfC\u00f3mo puede ejercer sus derechos en relaci\u00f3n a sus datos?<\/strong><\/p><p>Para el ejercicio de sus derechos de acceso, rectificaci\u00f3n, supresi\u00f3n, limitaci\u00f3n u oposici\u00f3n, portabilidad y retirada de su consentimiento, puede hacerlo de la siguiente forma:<\/p><p><strong>RECEPCI\u00d3N DE CURRICULUMS<\/strong><\/p><ul><li><strong>Responsable:<\/strong>\u00a0NORPRINT S.L<\/li><li><strong>Direcci\u00f3n:<\/strong>\u00a0C\/ Muntaner, 279 Entres\u00f2l 3a. 08201, BARCELONA (Barcelona), Espa\u00f1a<\/li><li><strong>Tel\u00e9fono:<\/strong>\u00a0932 402 102<\/li><li><strong>E-mail:<\/strong>\u00a0nforcada@norprint.es<\/li><li><strong>P\u00e1gina web:<\/strong>\u00a0http:\/\/www.norprint.es\/<\/li><\/ul><p>\u00a0<\/p><p><strong>ENVI\u00d3 DE CORREO COMERCIAL<\/strong><\/p><ul><li><strong>Responsable:<\/strong>\u00a0NORPRINT S.L<\/li><li><strong>Direcci\u00f3n:<\/strong>\u00a0C\/ Muntaner, 279 Entres\u00f2l 3a. 08201, BARCELONA (Barcelona), Espa\u00f1a<\/li><li><strong>Tel\u00e9fono:<\/strong>\u00a0932 402 102<\/li><li><strong>E-mail:<\/strong>\u00a0nforcada@norprint.es<\/li><li><strong>P\u00e1gina web:<\/strong>\u00a0http:\/\/www.norprint.es\/<\/li><\/ul><p>\u00a0<\/p><p><strong>FACTURACI\u00d3N A CLIENTES<\/strong><\/p><ul><li><strong>Responsable:<\/strong>\u00a0NORPRINT S.L<\/li><li><strong>Direcci\u00f3n:<\/strong>\u00a0C\/ Muntaner, 279 Entres\u00f2l 3a. 08201, BARCELONA (Barcelona), Espa\u00f1a<\/li><li><strong>Tel\u00e9fono:<\/strong>\u00a0932 402 102<\/li><li><strong>E-mail:<\/strong>\u00a0nforcada@norprint.es<\/li><li><strong>P\u00e1gina web:<\/strong>\u00a0http:\/\/www.norprint.es\/<\/li><\/ul><p>\u00a0<\/p><p><strong>\u00bfC\u00f3mo puede presentar una reclamaci\u00f3n?<\/strong><\/p><p>Adem\u00e1s de los derechos que le asisten, si cree que sus datos no se est\u00e1n recabando o tratando conforme a la normativa vigente de Protecci\u00f3n de Datos, usted podr\u00e1 realizar una reclamaci\u00f3n ante la Autoridad de Control, cuyos datos de contacto indicamos a continuaci\u00f3n:<\/p><p><strong>Agencia Espa\u00f1ola de Protecci\u00f3n de Datos<\/strong><br \/>C\/ Jorge Juan, 6. 28001, Madrid (Madrid), Espa\u00f1a<br \/>Email: info@agpd.es \u2013 Tel\u00e9fono: 912663517<br \/>Web: https:\/\/www.agpd.es<\/p><h4>\u00a0<\/h4><h4>9. CONSENTIMIENTO Y ACEPTACI\u00d3N<\/h4><p>La aceptaci\u00f3n del presente documento indica que usted entiende, acepta todas las cl\u00e1usulas de nuestra pol\u00edtica de privacidad por lo que autoriza la recogida y el tratamiento de sus datos personales en estos t\u00e9rminos. Esta aceptaci\u00f3n se realiza mediante la activaci\u00f3n de la casilla de verificaci\u00f3n de \u201cLectura y Aceptaci\u00f3n\u201d de nuestra Pol\u00edtica de Privacidad.<\/p>\t\t\t\t\t\t<\/div>\n\t\t\t\t<\/div>\n\t\t\t\t<div class=\"elementor-element elementor-element-22f52a3 elementor-widget elementor-widget-spacer\" data-id=\"22f52a3\" data-element_type=\"widget\" data-widget_type=\"spacer.default\">\n\t\t\t\t<div class=\"elementor-widget-container\">\n\t\t\t<style>\/*! elementor - v3.13.1 - 09-05-2023 *\/\n.elementor-column .elementor-spacer-inner{height:var(--spacer-size)}.e-con{--container-widget-width:100%}.e-con-inner>.elementor-widget-spacer,.e-con>.elementor-widget-spacer{width:var(--container-widget-width,var(--spacer-size));--align-self:var(--container-widget-align-self,initial);--flex-shrink:0}.e-con-inner>.elementor-widget-spacer>.elementor-widget-container,.e-con-inner>.elementor-widget-spacer>.elementor-widget-container>.elementor-spacer,.e-con>.elementor-widget-spacer>.elementor-widget-container,.e-con>.elementor-widget-spacer>.elementor-widget-container>.elementor-spacer{height:100%}.e-con-inner>.elementor-widget-spacer>.elementor-widget-container>.elementor-spacer>.elementor-spacer-inner,.e-con>.elementor-widget-spacer>.elementor-widget-container>.elementor-spacer>.elementor-spacer-inner{height:var(--container-widget-height,var(--spacer-size))}<\/style>\t\t<div class=\"elementor-spacer\">\n\t\t\t<div class=\"elementor-spacer-inner\"><\/div>\n\t\t<\/div>\n\t\t\t\t<\/div>\n\t\t\t\t<\/div>\n\t\t\t\t\t<\/div>\n\t\t<\/div>\n\t\t\t\t\t\t\t<\/div>\n\t\t<\/section>\n\t\t\t\t\t\t\t<\/div>\n\t\t","protected":false},"excerpt":{"rendered":"<p>RESPONSABLE: NORPRINT S.L. \u2013 CIF B61285367 CONTACTO: C\/ Muntaner, 279 Entres\u00f2l 3a \u2013 BARCELONA (Barcelona) nforcada@norprint.es \u2013 Tel. 932 402 102 \u2013 http:\/\/www.norprint.es\/ FINALIDADES: RECEPCI\u00d3N DE CURR\u00cdCULUMS:\u00a0Selecci\u00f3n de personalENV\u00cdO DE CORREO COMERCIAL:\u00a0Env\u00edo de comunicaciones comercialesFACTURACI\u00d3N A CLIENTES:\u00a0Gesti\u00f3n de clientes\/proveedores, contable, fiscal y administrativa LEGITIMACI\u00d3N: RECEPCI\u00d3N DE CURR\u00cdCULUMS:\u00a0Consentimiento expl\u00edcito del interesadoENV\u00cdO DE CORREO COMERCIAL:\u00a0Consentimiento expl\u00edcito del [&hellip;]<\/p>\n","protected":false},"author":2,"featured_media":0,"parent":0,"menu_order":0,"comment_status":"closed","ping_status":"closed","template":"","meta":[],"yoast_head":"<!-- This site is optimized with the Yoast SEO plugin v20.7 - https:\/\/yoast.com\/wordpress\/plugins\/seo\/ -->\n<title>Pol\u00edtica de privacidad | Norprint<\/title>\n<meta name=\"robots\" content=\"index, follow, max-snippet:-1, max-image-preview:large, max-video-preview:-1\" \/>\n<link rel=\"canonical\" href=\"https:\/\/www.norprint.es\/ca\/politica-de-privacidad\/\" \/>\n<meta property=\"og:locale\" content=\"ca_ES\" \/>\n<meta property=\"og:type\" content=\"article\" \/>\n<meta property=\"og:title\" content=\"Pol\u00edtica de privacidad | Norprint\" \/>\n<meta property=\"og:description\" content=\"RESPONSABLE: NORPRINT S.L. \u2013 CIF B61285367 CONTACTO: C\/ Muntaner, 279 Entres\u00f2l 3a \u2013 BARCELONA (Barcelona) nforcada@norprint.es \u2013 Tel. 932 402 102 \u2013 http:\/\/www.norprint.es\/ FINALIDADES: RECEPCI\u00d3N DE CURR\u00cdCULUMS:\u00a0Selecci\u00f3n de personalENV\u00cdO DE CORREO COMERCIAL:\u00a0Env\u00edo de comunicaciones comercialesFACTURACI\u00d3N A CLIENTES:\u00a0Gesti\u00f3n de clientes\/proveedores, contable, fiscal y administrativa LEGITIMACI\u00d3N: RECEPCI\u00d3N DE CURR\u00cdCULUMS:\u00a0Consentimiento expl\u00edcito del interesadoENV\u00cdO DE CORREO COMERCIAL:\u00a0Consentimiento expl\u00edcito del [&hellip;]\" \/>\n<meta property=\"og:url\" content=\"https:\/\/www.norprint.es\/ca\/politica-de-privacidad\/\" \/>\n<meta property=\"og:site_name\" content=\"Norprint\" \/>\n<meta property=\"og:image\" content=\"https:\/\/www.norprint.es\/wp-content\/uploads\/2023\/01\/1-ENCUADERNACIONES-GRAPA.jpg\" \/>\n\t<meta property=\"og:image:width\" content=\"1200\" \/>\n\t<meta property=\"og:image:height\" content=\"900\" \/>\n\t<meta property=\"og:image:type\" content=\"image\/jpeg\" \/>\n<meta name=\"twitter:card\" content=\"summary_large_image\" \/>\n<script type=\"application\/ld+json\" class=\"yoast-schema-graph\">{\"@context\":\"https:\/\/schema.org\",\"@graph\":[{\"@type\":\"WebPage\",\"@id\":\"https:\/\/www.norprint.es\/ca\/politica-de-privacidad\/\",\"url\":\"https:\/\/www.norprint.es\/ca\/politica-de-privacidad\/\",\"name\":\"Pol\u00edtica de privacidad | Norprint\",\"isPartOf\":{\"@id\":\"https:\/\/www.norprint.es\/#website\"},\"datePublished\":\"2023-02-06T11:33:52+00:00\",\"dateModified\":\"2023-02-06T11:33:52+00:00\",\"breadcrumb\":{\"@id\":\"https:\/\/www.norprint.es\/ca\/politica-de-privacidad\/#breadcrumb\"},\"inLanguage\":\"ca\",\"potentialAction\":[{\"@type\":\"ReadAction\",\"target\":[\"https:\/\/www.norprint.es\/ca\/politica-de-privacidad\/\"]}]},{\"@type\":\"BreadcrumbList\",\"@id\":\"https:\/\/www.norprint.es\/ca\/politica-de-privacidad\/#breadcrumb\",\"itemListElement\":[{\"@type\":\"ListItem\",\"position\":1,\"name\":\"Portada\",\"item\":\"https:\/\/www.norprint.es\/ca\/inici\/\"},{\"@type\":\"ListItem\",\"position\":2,\"name\":\"Pol\u00edtica de privacidad\"}]},{\"@type\":\"WebSite\",\"@id\":\"https:\/\/www.norprint.es\/#website\",\"url\":\"https:\/\/www.norprint.es\/\",\"name\":\"Norprint\",\"description\":\"Servicios integrales de imprenta\",\"publisher\":{\"@id\":\"https:\/\/www.norprint.es\/#organization\"},\"potentialAction\":[{\"@type\":\"SearchAction\",\"target\":{\"@type\":\"EntryPoint\",\"urlTemplate\":\"https:\/\/www.norprint.es\/?s={search_term_string}\"},\"query-input\":\"required name=search_term_string\"}],\"inLanguage\":\"ca\"},{\"@type\":\"Organization\",\"@id\":\"https:\/\/www.norprint.es\/#organization\",\"name\":\"Norprint\",\"url\":\"https:\/\/www.norprint.es\/\",\"logo\":{\"@type\":\"ImageObject\",\"inLanguage\":\"ca\",\"@id\":\"https:\/\/www.norprint.es\/#\/schema\/logo\/image\/\",\"url\":\"https:\/\/www.norprint.es\/wp-content\/uploads\/2023\/01\/Norprint_BLACK.svg\",\"contentUrl\":\"https:\/\/www.norprint.es\/wp-content\/uploads\/2023\/01\/Norprint_BLACK.svg\",\"width\":1200,\"height\":300,\"caption\":\"Norprint\"},\"image\":{\"@id\":\"https:\/\/www.norprint.es\/#\/schema\/logo\/image\/\"}}]}<\/script>\n<!-- \/ Yoast SEO plugin. -->","yoast_head_json":{"title":"Pol\u00edtica de privacidad | Norprint","robots":{"index":"index","follow":"follow","max-snippet":"max-snippet:-1","max-image-preview":"max-image-preview:large","max-video-preview":"max-video-preview:-1"},"canonical":"https:\/\/www.norprint.es\/ca\/politica-de-privacidad\/","og_locale":"ca_ES","og_type":"article","og_title":"Pol\u00edtica de privacidad | Norprint","og_description":"RESPONSABLE: NORPRINT S.L. \u2013 CIF B61285367 CONTACTO: C\/ Muntaner, 279 Entres\u00f2l 3a \u2013 BARCELONA (Barcelona) nforcada@norprint.es \u2013 Tel. 932 402 102 \u2013 http:\/\/www.norprint.es\/ FINALIDADES: RECEPCI\u00d3N DE CURR\u00cdCULUMS:\u00a0Selecci\u00f3n de personalENV\u00cdO DE CORREO COMERCIAL:\u00a0Env\u00edo de comunicaciones comercialesFACTURACI\u00d3N A CLIENTES:\u00a0Gesti\u00f3n de clientes\/proveedores, contable, fiscal y administrativa LEGITIMACI\u00d3N: RECEPCI\u00d3N DE CURR\u00cdCULUMS:\u00a0Consentimiento expl\u00edcito del interesadoENV\u00cdO DE CORREO COMERCIAL:\u00a0Consentimiento expl\u00edcito del [&hellip;]","og_url":"https:\/\/www.norprint.es\/ca\/politica-de-privacidad\/","og_site_name":"Norprint","og_image":[{"width":1200,"height":900,"url":"https:\/\/www.norprint.es\/wp-content\/uploads\/2023\/01\/1-ENCUADERNACIONES-GRAPA.jpg","type":"image\/jpeg"}],"twitter_card":"summary_large_image","schema":{"@context":"https:\/\/schema.org","@graph":[{"@type":"WebPage","@id":"https:\/\/www.norprint.es\/ca\/politica-de-privacidad\/","url":"https:\/\/www.norprint.es\/ca\/politica-de-privacidad\/","name":"Pol\u00edtica de privacidad | Norprint","isPartOf":{"@id":"https:\/\/www.norprint.es\/#website"},"datePublished":"2023-02-06T11:33:52+00:00","dateModified":"2023-02-06T11:33:52+00:00","breadcrumb":{"@id":"https:\/\/www.norprint.es\/ca\/politica-de-privacidad\/#breadcrumb"},"inLanguage":"ca","potentialAction":[{"@type":"ReadAction","target":["https:\/\/www.norprint.es\/ca\/politica-de-privacidad\/"]}]},{"@type":"BreadcrumbList","@id":"https:\/\/www.norprint.es\/ca\/politica-de-privacidad\/#breadcrumb","itemListElement":[{"@type":"ListItem","position":1,"name":"Portada","item":"https:\/\/www.norprint.es\/ca\/inici\/"},{"@type":"ListItem","position":2,"name":"Pol\u00edtica de privacidad"}]},{"@type":"WebSite","@id":"https:\/\/www.norprint.es\/#website","url":"https:\/\/www.norprint.es\/","name":"Norprint","description":"Servicios integrales de imprenta","publisher":{"@id":"https:\/\/www.norprint.es\/#organization"},"potentialAction":[{"@type":"SearchAction","target":{"@type":"EntryPoint","urlTemplate":"https:\/\/www.norprint.es\/?s={search_term_string}"},"query-input":"required name=search_term_string"}],"inLanguage":"ca"},{"@type":"Organization","@id":"https:\/\/www.norprint.es\/#organization","name":"Norprint","url":"https:\/\/www.norprint.es\/","logo":{"@type":"ImageObject","inLanguage":"ca","@id":"https:\/\/www.norprint.es\/#\/schema\/logo\/image\/","url":"https:\/\/www.norprint.es\/wp-content\/uploads\/2023\/01\/Norprint_BLACK.svg","contentUrl":"https:\/\/www.norprint.es\/wp-content\/uploads\/2023\/01\/Norprint_BLACK.svg","width":1200,"height":300,"caption":"Norprint"},"image":{"@id":"https:\/\/www.norprint.es\/#\/schema\/logo\/image\/"}}]}},"_links":{"self":[{"href":"https:\/\/www.norprint.es\/ca\/wp-json\/wp\/v2\/pages\/3633"}],"collection":[{"href":"https:\/\/www.norprint.es\/ca\/wp-json\/wp\/v2\/pages"}],"about":[{"href":"https:\/\/www.norprint.es\/ca\/wp-json\/wp\/v2\/types\/page"}],"author":[{"embeddable":true,"href":"https:\/\/www.norprint.es\/ca\/wp-json\/wp\/v2\/users\/2"}],"replies":[{"embeddable":true,"href":"https:\/\/www.norprint.es\/ca\/wp-json\/wp\/v2\/comments?post=3633"}],"version-history":[{"count":0,"href":"https:\/\/www.norprint.es\/ca\/wp-json\/wp\/v2\/pages\/3633\/revisions"}],"wp:attachment":[{"href":"https:\/\/www.norprint.es\/ca\/wp-json\/wp\/v2\/media?parent=3633"}],"curies":[{"name":"wp","href":"https:\/\/api.w.org\/{rel}","templated":true}]}}